{"id":29,"date":"2023-04-17T08:25:07","date_gmt":"2023-04-17T08:25:07","guid":{"rendered":"https:\/\/www.imagopsicologos.com\/nuevaweb\/?page_id=29"},"modified":"2023-04-17T08:25:07","modified_gmt":"2023-04-17T08:25:07","slug":"politica-de-privacidad-de-imago-psicologos","status":"publish","type":"page","link":"https:\/\/www.imagopsicologos.com\/nuevaweb\/politica-de-privacidad-de-imago-psicologos\/","title":{"rendered":"Pol\u00edtica de Privacidad de IMAGO PSIC\u00d3LOGOS"},"content":{"rendered":"<p>Pol\u00edtica de Privacidad seg\u00fan el\u00a0<a href=\"http:\/\/eur-lex.europa.eu\/legal-content\/ES\/TXT\/HTML\/?uri=CELEX:32016R0679&amp;rid=2\">Reglamento (UE) 2016\/679 del Parlamento Europeo y del Consejo, de 27 de abril de 2016<\/a>, relativo a la protecci\u00f3n de las personas f\u00edsicas en lo que respecta al tratamiento de datos personales y a la libre circulaci\u00f3n de estos datos y por el que se deroga la Directiva 95\/46\/CE (Reglamento general de protecci\u00f3n de datos).<\/p>\n<p><strong>RESPONSABLE<\/strong><\/p>\n<table>\n<tbody>\n<tr>\n<td>Identidad:<\/td>\n<td>IMAGO PSIC\u00d3LOGOS<\/td>\n<\/tr>\n<tr>\n<td>Cif:<\/td>\n<td>B-<\/td>\n<\/tr>\n<tr>\n<td>Direcci\u00f3n postal:<\/td>\n<td>Avda del Rodeo, 92 28250 &#8211; Torrelodones, Madrid, Espa\u00f1a<\/td>\n<\/tr>\n<tr>\n<td>E-Mail:<\/td>\n<td>info@imagopsicologos.com<\/td>\n<\/tr>\n<tr>\n<td>Datos DPD:<\/td>\n<td>Esta entidad no est\u00e1 legalmente obligada a designar un Delegado de Protecci\u00f3n de Datos.<\/td>\n<\/tr>\n<\/tbody>\n<\/table>\n<p>&nbsp;<\/p>\n<p><strong>FINALIDAD<br \/>\n<\/strong><\/p>\n<p>Trataremos sus datos para la ejecuci\u00f3n de las obligaciones contractuales mutuas y la gesti\u00f3n comercial, administrativa, contable y fiscal.<\/p>\n<p><strong>BASE JUR\u00cdDICA<\/strong><\/p>\n<p>Para un correcto funcionamiento de nuestra plataforma, estamos obligados a recabar una serie de datos, como sin su nombre y direcci\u00f3n de correo electr\u00f3nico, inprescindibles para el acceso a nuestra plataforma. De no hacerlos, no podremos prestar el servicio contratado por usted. En cuanlquier momento, puede retirar el consentimiento previamente otorgado mediante un correo electr\u00f3nico a info@imagopsicologos.com, momento en el cual, se suspender\u00e1 su acceso a la plataforma de test online.<strong>\u00a0<\/strong><\/p>\n<p><strong>CONSERVACI\u00d3N<\/strong><\/p>\n<p>Los datos personales proporcionados se conservar\u00e1n mientras se mantenga la relaci\u00f3n comercial con IMAGOPSICOLOGOS y no se solicite su supresi\u00f3n por el interesado.<\/p>\n<p>Ser\u00e1n conservados conforme a los plazos legales establecidos en materia fiscal y contable, tomando como referencia la \u00faltima comunicaci\u00f3n.<\/p>\n<p><strong>DECISIONES<br \/>\n<\/strong><\/p>\n<p>La empresa NO tomar\u00e1 decisiones automatizadas, perfiles o l\u00f3gica aplicada a sus datos.<\/p>\n<p><strong>LEGITIMACI\u00d3N<\/strong><\/p>\n<p>La base legal para el tratamiento de sus datos es la ejecuci\u00f3n del contrato mercantil del que usted es parte.<\/p>\n<p>Como la comunicaci\u00f3n de datos personales es un requisito legal o contractual y necesario para suscribir el citado contrato, se informa al interesado que est\u00e1 obligado a facilitar los datos personales, y as\u00ed mismo que\u00a0 las consecuencias de no hacerlo pueden suponer la no prestaci\u00f3n del servicio solicitado.<\/p>\n<p>La oferta prospectiva de productos y servicios est\u00e1 basada en el consentimiento que se le solicita en el formulario de nuestra web, sin que en ning\u00fan caso la retirada de este consentimiento condicione la ejecuci\u00f3n del contrato de suscripci\u00f3n\u201d.<\/p>\n<p><strong>DESTINATARIOS<\/strong><\/p>\n<ol>\n<li>Durante el periodo de duraci\u00f3n del tratamiento, IMAGO PSICOLOGOS no realizar\u00e1 ninguna cesi\u00f3n, salvo obligaci\u00f3n legal, ni tampoco transferencia alguna.<\/li>\n<li>Opcionalmente se realizaran transferencias temporales a Empresas de Servicios inform\u00e1ticos: Encargados de Tratamiento fuera de la UE, acogido a Privacy Shield. La Entidad contrata su infraestructura virtual seg\u00fan un modelo inform\u00e1tico denominado \u201cnube\u201d a trav\u00e9s de un proveedor y al amparo del acuerdo EU-US Privacy Shield. \u2013 Informaci\u00f3n disponible en: https:\/\/www.privacyshield.gov<\/li>\n<\/ol>\n<p><strong>DERECHOS<\/strong><\/p>\n<p>El interesado puede ejercer los siguientes derechos:<\/p>\n<ul>\n<li>\u00a0Derecho a solicitar el acceso a sus datos personales.<\/li>\n<li>\u00a0Derecho a solicitar su rectificaci\u00f3n o supresi\u00f3n.<\/li>\n<li>\u00a0Derecho a solicitar la limitaci\u00f3n de su tratamiento.<\/li>\n<li>\u00a0Derecho a oponerse al tratamiento.<\/li>\n<li>\u00a0Derecho a la portabilidad de los datos.<\/li>\n<li>\u00a0Derecho a retirar el consentimiento prestado.<\/li>\n<\/ul>\n<p>Toda persona tiene derecho a obtener confirmaci\u00f3n sobre si esta Entidad est\u00e1 tratando sus datos personales, o no. As\u00ed mismo, las personas interesadas tienen derecho a acceder a sus datos, como a solicitar la rectificaci\u00f3n de los inexactos o, en su caso, solicitar su supresi\u00f3n cuando, entre otros motivos, los datos ya no sean necesarios para los fines que fueron recogidos.<br \/>\nEn determinadas circunstancias, los interesados podr\u00e1n solicitar la limitaci\u00f3n del tratamiento de sus datos u oponerse al tratamiento de los mismos, en cuyo caso, \u00fanicamente se conservar\u00e1n para el ejercicio o la defensa de posibles reclamaciones.<\/p>\n<p>Si ha otorgado su consentimiento para alguna finalidad concreta, tiene derecho a retirar el consentimiento otorgado en cualquier momento, sin que ello afecte a la licitud del tratamiento basado en el consentimiento previo a su retirada.<\/p>\n<p>Para ello podr\u00e1 emplear los formularios habilitados por la empresa, o bien dirigir un escrito a IMAGO PSICOLOGOS, Av. del Rodeo, 92\u00a0 (28250) Torrelodones \u2013 Madrid \u2013 Espa\u00f1a. Tambi\u00e9n puede enviar un email a: info@imagopsicologos.com<\/p>\n<p>En caso de que sienta vulnerados sus derechos en lo concerniente a la protecci\u00f3n de sus datos personales, especialmente cuando no haya obtenido satisfacci\u00f3n en el ejercicio de sus derechos, puede presentar una reclamaci\u00f3n ante la Autoridad de Control en materia de Protecci\u00f3n de Datos competente a trav\u00e9s de su sitio web: www.agpd.es.<\/p>\n<p>En cumplimiento de lo previsto en el art\u00edculo 21 de la Ley 34\/2002 de servicios de la sociedad de la informaci\u00f3n y comercio electr\u00f3nico, si usted no desea recibir m\u00e1s informaci\u00f3n sobre nuestros servicios, puede darse de baja en la siguiente direcci\u00f3n de correo electr\u00f3nico de la entidad, indicando en el asunto \u00abNo enviar correos\u00bb.<\/p>\n<p><strong>PROCEDENCIA DE LOS DATOS<br \/>\n<\/strong><\/p>\n<p>Los datos personales que tratamos en IMAGO PSIC\u00d3LOGOS proceden directamente de usted.<\/p>\n<p>Las categor\u00edas de datos que se tratan son:<\/p>\n<ul>\n<li>Datos de identificaci\u00f3n<\/li>\n<li>C\u00f3digos o claves de identificaci\u00f3n<\/li>\n<li>Direcciones postales o electr\u00f3nicas<\/li>\n<li>Informaci\u00f3n comercial<\/li>\n<li>Datos econ\u00f3micos<\/li>\n<li>Datos fiscales y bancarios<\/li>\n<\/ul>\n<p>No se tratan datos especialmente protegidos.<\/p>\n","protected":false},"excerpt":{"rendered":"<p>Pol\u00edtica de Privacidad seg\u00fan el\u00a0Reglamento (UE) 2016\/679 del Parlamento Europeo y del Consejo, de 27 de abril de 2016, relativo a la protecci\u00f3n de las personas f\u00edsicas en lo que respecta al tratamiento de datos personales y a la libre circulaci\u00f3n de estos datos y por el que se deroga la Directiva 95\/46\/CE (Reglamento general [&hellip;]<\/p>\n","protected":false},"author":1,"featured_media":0,"parent":0,"menu_order":0,"comment_status":"closed","ping_status":"closed","template":"","meta":{"_et_pb_use_builder":"","_et_pb_old_content":"","_et_gb_content_width":"","footnotes":""},"class_list":["post-29","page","type-page","status-publish","hentry"],"yoast_head":"<!-- This site is optimized with the Yoast SEO plugin v20.9 - https:\/\/yoast.com\/wordpress\/plugins\/seo\/ -->\n<title>Pol\u00edtica de Privacidad de IMAGO PSIC\u00d3LOGOS | Imago: Terapia en Torrelodones<\/title>\n<meta name=\"robots\" content=\"noindex, follow, max-snippet:-1, max-image-preview:large, max-video-preview:-1\" \/>\n<meta property=\"og:locale\" content=\"es_ES\" \/>\n<meta property=\"og:type\" content=\"article\" \/>\n<meta property=\"og:title\" content=\"Pol\u00edtica de Privacidad de IMAGO PSIC\u00d3LOGOS | Imago: Terapia en Torrelodones\" \/>\n<meta property=\"og:description\" content=\"Pol\u00edtica de Privacidad seg\u00fan el\u00a0Reglamento (UE) 2016\/679 del Parlamento Europeo y del Consejo, de 27 de abril de 2016, relativo a la protecci\u00f3n de las personas f\u00edsicas en lo que respecta al tratamiento de datos personales y a la libre circulaci\u00f3n de estos datos y por el que se deroga la Directiva 95\/46\/CE (Reglamento general [&hellip;]\" \/>\n<meta property=\"og:url\" content=\"https:\/\/www.imagopsicologos.com\/nuevaweb\/politica-de-privacidad-de-imago-psicologos\/\" \/>\n<meta property=\"og:site_name\" content=\"Imago: Terapia en Torrelodones\" \/>\n<meta property=\"article:publisher\" content=\"https:\/\/www.facebook.com\/imagopsicologos\/\" \/>\n<meta property=\"og:image\" content=\"https:\/\/www.imagopsicologos.com\/nuevaweb\/wp-content\/uploads\/2023\/06\/logo-con-telefono-copia.jpeg\" \/>\n\t<meta property=\"og:image:width\" content=\"480\" \/>\n\t<meta property=\"og:image:height\" content=\"480\" \/>\n\t<meta property=\"og:image:type\" content=\"image\/jpeg\" \/>\n<meta name=\"twitter:card\" content=\"summary_large_image\" \/>\n<meta name=\"twitter:label1\" content=\"Tiempo de lectura\" \/>\n\t<meta name=\"twitter:data1\" content=\"4 minutos\" \/>\n<script type=\"application\/ld+json\" class=\"yoast-schema-graph\">{\"@context\":\"https:\/\/schema.org\",\"@graph\":[{\"@type\":\"Article\",\"@id\":\"https:\/\/www.imagopsicologos.com\/nuevaweb\/politica-de-privacidad-de-imago-psicologos\/#article\",\"isPartOf\":{\"@id\":\"https:\/\/www.imagopsicologos.com\/nuevaweb\/politica-de-privacidad-de-imago-psicologos\/\"},\"author\":{\"name\":\"admin\",\"@id\":\"https:\/\/www.imagopsicologos.com\/nuevaweb\/#\/schema\/person\/9239a95512d4c081a7328527a401e179\"},\"headline\":\"Pol\u00edtica de Privacidad de IMAGO PSIC\u00d3LOGOS\",\"datePublished\":\"2023-04-17T08:25:07+00:00\",\"dateModified\":\"2023-04-17T08:25:07+00:00\",\"mainEntityOfPage\":{\"@id\":\"https:\/\/www.imagopsicologos.com\/nuevaweb\/politica-de-privacidad-de-imago-psicologos\/\"},\"wordCount\":878,\"publisher\":{\"@id\":\"https:\/\/www.imagopsicologos.com\/nuevaweb\/#organization\"},\"inLanguage\":\"es\"},{\"@type\":\"WebPage\",\"@id\":\"https:\/\/www.imagopsicologos.com\/nuevaweb\/politica-de-privacidad-de-imago-psicologos\/\",\"url\":\"https:\/\/www.imagopsicologos.com\/nuevaweb\/politica-de-privacidad-de-imago-psicologos\/\",\"name\":\"Pol\u00edtica de Privacidad de IMAGO PSIC\u00d3LOGOS | Imago: Terapia en Torrelodones\",\"isPartOf\":{\"@id\":\"https:\/\/www.imagopsicologos.com\/nuevaweb\/#website\"},\"datePublished\":\"2023-04-17T08:25:07+00:00\",\"dateModified\":\"2023-04-17T08:25:07+00:00\",\"breadcrumb\":{\"@id\":\"https:\/\/www.imagopsicologos.com\/nuevaweb\/politica-de-privacidad-de-imago-psicologos\/#breadcrumb\"},\"inLanguage\":\"es\",\"potentialAction\":[{\"@type\":\"ReadAction\",\"target\":[\"https:\/\/www.imagopsicologos.com\/nuevaweb\/politica-de-privacidad-de-imago-psicologos\/\"]}]},{\"@type\":\"BreadcrumbList\",\"@id\":\"https:\/\/www.imagopsicologos.com\/nuevaweb\/politica-de-privacidad-de-imago-psicologos\/#breadcrumb\",\"itemListElement\":[{\"@type\":\"ListItem\",\"position\":1,\"name\":\"Portada\",\"item\":\"https:\/\/www.imagopsicologos.com\/nuevaweb\/\"},{\"@type\":\"ListItem\",\"position\":2,\"name\":\"Pol\u00edtica de Privacidad de IMAGO PSIC\u00d3LOGOS\"}]},{\"@type\":\"WebSite\",\"@id\":\"https:\/\/www.imagopsicologos.com\/nuevaweb\/#website\",\"url\":\"https:\/\/www.imagopsicologos.com\/nuevaweb\/\",\"name\":\"Imago: Terapia en Torrelodones\",\"description\":\"Psicoterapia en Torrelodones en Torrelodones\",\"publisher\":{\"@id\":\"https:\/\/www.imagopsicologos.com\/nuevaweb\/#organization\"},\"alternateName\":\"Centro de psicoterapia en Torrelodones\",\"potentialAction\":[{\"@type\":\"SearchAction\",\"target\":{\"@type\":\"EntryPoint\",\"urlTemplate\":\"https:\/\/www.imagopsicologos.com\/nuevaweb\/?s={search_term_string}\"},\"query-input\":\"required name=search_term_string\"}],\"inLanguage\":\"es\"},{\"@type\":\"Organization\",\"@id\":\"https:\/\/www.imagopsicologos.com\/nuevaweb\/#organization\",\"name\":\"Imago: Terapia en Torrelodones\",\"url\":\"https:\/\/www.imagopsicologos.com\/nuevaweb\/\",\"logo\":{\"@type\":\"ImageObject\",\"inLanguage\":\"es\",\"@id\":\"https:\/\/www.imagopsicologos.com\/nuevaweb\/#\/schema\/logo\/image\/\",\"url\":\"https:\/\/www.imagopsicologos.com\/nuevaweb\/wp-content\/uploads\/2023\/06\/logo-con-telefono-copia.jpeg\",\"contentUrl\":\"https:\/\/www.imagopsicologos.com\/nuevaweb\/wp-content\/uploads\/2023\/06\/logo-con-telefono-copia.jpeg\",\"width\":480,\"height\":480,\"caption\":\"Imago: Terapia en Torrelodones\"},\"image\":{\"@id\":\"https:\/\/www.imagopsicologos.com\/nuevaweb\/#\/schema\/logo\/image\/\"},\"sameAs\":[\"https:\/\/www.facebook.com\/imagopsicologos\/\"]},{\"@type\":\"Person\",\"@id\":\"https:\/\/www.imagopsicologos.com\/nuevaweb\/#\/schema\/person\/9239a95512d4c081a7328527a401e179\",\"name\":\"admin\",\"image\":{\"@type\":\"ImageObject\",\"inLanguage\":\"es\",\"@id\":\"https:\/\/www.imagopsicologos.com\/nuevaweb\/#\/schema\/person\/image\/\",\"url\":\"https:\/\/secure.gravatar.com\/avatar\/899e4ee70cf3334f8869cd9dfa591cdd3e01232bfd02f7244f9f127390634012?s=96&d=mm&r=g\",\"contentUrl\":\"https:\/\/secure.gravatar.com\/avatar\/899e4ee70cf3334f8869cd9dfa591cdd3e01232bfd02f7244f9f127390634012?s=96&d=mm&r=g\",\"caption\":\"admin\"},\"sameAs\":[\"https:\/\/www.imagopsicologos.com\/nuevaweb\"],\"url\":\"https:\/\/www.imagopsicologos.com\/nuevaweb\/author\/admin\/\"}]}<\/script>\n<!-- \/ Yoast SEO plugin. -->","yoast_head_json":{"title":"Pol\u00edtica de Privacidad de IMAGO PSIC\u00d3LOGOS | Imago: Terapia en Torrelodones","robots":{"index":"noindex","follow":"follow","max-snippet":"max-snippet:-1","max-image-preview":"max-image-preview:large","max-video-preview":"max-video-preview:-1"},"og_locale":"es_ES","og_type":"article","og_title":"Pol\u00edtica de Privacidad de IMAGO PSIC\u00d3LOGOS | Imago: Terapia en Torrelodones","og_description":"Pol\u00edtica de Privacidad seg\u00fan el\u00a0Reglamento (UE) 2016\/679 del Parlamento Europeo y del Consejo, de 27 de abril de 2016, relativo a la protecci\u00f3n de las personas f\u00edsicas en lo que respecta al tratamiento de datos personales y a la libre circulaci\u00f3n de estos datos y por el que se deroga la Directiva 95\/46\/CE (Reglamento general [&hellip;]","og_url":"https:\/\/www.imagopsicologos.com\/nuevaweb\/politica-de-privacidad-de-imago-psicologos\/","og_site_name":"Imago: Terapia en Torrelodones","article_publisher":"https:\/\/www.facebook.com\/imagopsicologos\/","og_image":[{"width":480,"height":480,"url":"https:\/\/www.imagopsicologos.com\/nuevaweb\/wp-content\/uploads\/2023\/06\/logo-con-telefono-copia.jpeg","type":"image\/jpeg"}],"twitter_card":"summary_large_image","twitter_misc":{"Tiempo de lectura":"4 minutos"},"schema":{"@context":"https:\/\/schema.org","@graph":[{"@type":"Article","@id":"https:\/\/www.imagopsicologos.com\/nuevaweb\/politica-de-privacidad-de-imago-psicologos\/#article","isPartOf":{"@id":"https:\/\/www.imagopsicologos.com\/nuevaweb\/politica-de-privacidad-de-imago-psicologos\/"},"author":{"name":"admin","@id":"https:\/\/www.imagopsicologos.com\/nuevaweb\/#\/schema\/person\/9239a95512d4c081a7328527a401e179"},"headline":"Pol\u00edtica de Privacidad de IMAGO PSIC\u00d3LOGOS","datePublished":"2023-04-17T08:25:07+00:00","dateModified":"2023-04-17T08:25:07+00:00","mainEntityOfPage":{"@id":"https:\/\/www.imagopsicologos.com\/nuevaweb\/politica-de-privacidad-de-imago-psicologos\/"},"wordCount":878,"publisher":{"@id":"https:\/\/www.imagopsicologos.com\/nuevaweb\/#organization"},"inLanguage":"es"},{"@type":"WebPage","@id":"https:\/\/www.imagopsicologos.com\/nuevaweb\/politica-de-privacidad-de-imago-psicologos\/","url":"https:\/\/www.imagopsicologos.com\/nuevaweb\/politica-de-privacidad-de-imago-psicologos\/","name":"Pol\u00edtica de Privacidad de IMAGO PSIC\u00d3LOGOS | Imago: Terapia en Torrelodones","isPartOf":{"@id":"https:\/\/www.imagopsicologos.com\/nuevaweb\/#website"},"datePublished":"2023-04-17T08:25:07+00:00","dateModified":"2023-04-17T08:25:07+00:00","breadcrumb":{"@id":"https:\/\/www.imagopsicologos.com\/nuevaweb\/politica-de-privacidad-de-imago-psicologos\/#breadcrumb"},"inLanguage":"es","potentialAction":[{"@type":"ReadAction","target":["https:\/\/www.imagopsicologos.com\/nuevaweb\/politica-de-privacidad-de-imago-psicologos\/"]}]},{"@type":"BreadcrumbList","@id":"https:\/\/www.imagopsicologos.com\/nuevaweb\/politica-de-privacidad-de-imago-psicologos\/#breadcrumb","itemListElement":[{"@type":"ListItem","position":1,"name":"Portada","item":"https:\/\/www.imagopsicologos.com\/nuevaweb\/"},{"@type":"ListItem","position":2,"name":"Pol\u00edtica de Privacidad de IMAGO PSIC\u00d3LOGOS"}]},{"@type":"WebSite","@id":"https:\/\/www.imagopsicologos.com\/nuevaweb\/#website","url":"https:\/\/www.imagopsicologos.com\/nuevaweb\/","name":"Imago: Terapia en Torrelodones","description":"Psicoterapia en Torrelodones en Torrelodones","publisher":{"@id":"https:\/\/www.imagopsicologos.com\/nuevaweb\/#organization"},"alternateName":"Centro de psicoterapia en Torrelodones","potentialAction":[{"@type":"SearchAction","target":{"@type":"EntryPoint","urlTemplate":"https:\/\/www.imagopsicologos.com\/nuevaweb\/?s={search_term_string}"},"query-input":"required name=search_term_string"}],"inLanguage":"es"},{"@type":"Organization","@id":"https:\/\/www.imagopsicologos.com\/nuevaweb\/#organization","name":"Imago: Terapia en Torrelodones","url":"https:\/\/www.imagopsicologos.com\/nuevaweb\/","logo":{"@type":"ImageObject","inLanguage":"es","@id":"https:\/\/www.imagopsicologos.com\/nuevaweb\/#\/schema\/logo\/image\/","url":"https:\/\/www.imagopsicologos.com\/nuevaweb\/wp-content\/uploads\/2023\/06\/logo-con-telefono-copia.jpeg","contentUrl":"https:\/\/www.imagopsicologos.com\/nuevaweb\/wp-content\/uploads\/2023\/06\/logo-con-telefono-copia.jpeg","width":480,"height":480,"caption":"Imago: Terapia en Torrelodones"},"image":{"@id":"https:\/\/www.imagopsicologos.com\/nuevaweb\/#\/schema\/logo\/image\/"},"sameAs":["https:\/\/www.facebook.com\/imagopsicologos\/"]},{"@type":"Person","@id":"https:\/\/www.imagopsicologos.com\/nuevaweb\/#\/schema\/person\/9239a95512d4c081a7328527a401e179","name":"admin","image":{"@type":"ImageObject","inLanguage":"es","@id":"https:\/\/www.imagopsicologos.com\/nuevaweb\/#\/schema\/person\/image\/","url":"https:\/\/secure.gravatar.com\/avatar\/899e4ee70cf3334f8869cd9dfa591cdd3e01232bfd02f7244f9f127390634012?s=96&d=mm&r=g","contentUrl":"https:\/\/secure.gravatar.com\/avatar\/899e4ee70cf3334f8869cd9dfa591cdd3e01232bfd02f7244f9f127390634012?s=96&d=mm&r=g","caption":"admin"},"sameAs":["https:\/\/www.imagopsicologos.com\/nuevaweb"],"url":"https:\/\/www.imagopsicologos.com\/nuevaweb\/author\/admin\/"}]}},"_links":{"self":[{"href":"https:\/\/www.imagopsicologos.com\/nuevaweb\/wp-json\/wp\/v2\/pages\/29","targetHints":{"allow":["GET"]}}],"collection":[{"href":"https:\/\/www.imagopsicologos.com\/nuevaweb\/wp-json\/wp\/v2\/pages"}],"about":[{"href":"https:\/\/www.imagopsicologos.com\/nuevaweb\/wp-json\/wp\/v2\/types\/page"}],"author":[{"embeddable":true,"href":"https:\/\/www.imagopsicologos.com\/nuevaweb\/wp-json\/wp\/v2\/users\/1"}],"replies":[{"embeddable":true,"href":"https:\/\/www.imagopsicologos.com\/nuevaweb\/wp-json\/wp\/v2\/comments?post=29"}],"version-history":[{"count":1,"href":"https:\/\/www.imagopsicologos.com\/nuevaweb\/wp-json\/wp\/v2\/pages\/29\/revisions"}],"predecessor-version":[{"id":30,"href":"https:\/\/www.imagopsicologos.com\/nuevaweb\/wp-json\/wp\/v2\/pages\/29\/revisions\/30"}],"wp:attachment":[{"href":"https:\/\/www.imagopsicologos.com\/nuevaweb\/wp-json\/wp\/v2\/media?parent=29"}],"curies":[{"name":"wp","href":"https:\/\/api.w.org\/{rel}","templated":true}]}}